{"id":101,"date":"2018-10-09T21:09:39","date_gmt":"2018-10-09T19:09:39","guid":{"rendered":"http:\/\/sahtg.fr\/?page_id=101"},"modified":"2019-02-24T18:36:31","modified_gmt":"2019-02-24T17:36:31","slug":"histoire","status":"publish","type":"page","link":"https:\/\/sahtg.fr\/?page_id=101","title":{"rendered":"Historique"},"content":{"rendered":"<p><a href=\"http:\/\/sahtg.fr\/?attachment_id=696\" rel=\"attachment wp-att-696\"><img loading=\"lazy\" decoding=\"async\" class=\"alignleft size-medium wp-image-696\" src=\"http:\/\/sahtg.fr\/wp-content\/uploads\/2019\/02\/DSCF9381-202x300.jpg\" alt=\"\" width=\"202\" height=\"300\" srcset=\"https:\/\/sahtg.fr\/wp-content\/uploads\/2019\/02\/DSCF9381-202x300.jpg 202w, https:\/\/sahtg.fr\/wp-content\/uploads\/2019\/02\/DSCF9381-768x1140.jpg 768w, https:\/\/sahtg.fr\/wp-content\/uploads\/2019\/02\/DSCF9381-690x1024.jpg 690w, https:\/\/sahtg.fr\/wp-content\/uploads\/2019\/02\/DSCF9381-1035x1536.jpg 1035w, https:\/\/sahtg.fr\/wp-content\/uploads\/2019\/02\/DSCF9381-74x110.jpg 74w, https:\/\/sahtg.fr\/wp-content\/uploads\/2019\/02\/DSCF9381-283x420.jpg 283w, https:\/\/sahtg.fr\/wp-content\/uploads\/2019\/02\/DSCF9381-290x430.jpg 290w, https:\/\/sahtg.fr\/wp-content\/uploads\/2019\/02\/DSCF9381.jpg 1090w\" sizes=\"auto, (max-width: 202px) 100vw, 202px\" \/><\/a>La Soci\u00e9t\u00e9 arch\u00e9ologique de Tarn-et-Garonne voit le jour en d\u00e9cembre 1866, r\u00e9sultat de la rencontre de deux passionn\u00e9s, <strong>Jean-Ursule Devals<\/strong> (1814-1874), archiviste, pal\u00e9ographe, historien, collectionneur et \u00ab\u00a0arch\u00e9ologue\u00a0\u00bb comme on l&rsquo;\u00e9tait au XIXe si\u00e8cle, et\u00a0<strong>Fernand Pottier <\/strong>(1838-1922).<\/p>\n<p>Alors que le jeune Pottier fait son s\u00e9minaire entre la fin des ann\u00e9es 1850 et le d\u00e9but de la d\u00e9cennie 1860, il profite des vacances pour parcourir le Tarn-et-Garonne en compagnie de son ami de coll\u00e8ge, Eug\u00e8ne Trutat (1840-1910), pionnier de la photographie en r\u00e9gion toulousaine. C&rsquo;est alors qu&rsquo;il fait la connaissance de Devals, qui lui aussi arpente les champs \u00e0 la recherche de vestiges romains et des traces de ce qu&rsquo;il croyait \u00eatre des \u00ab\u00a0camps gaulois\u00a0\u00bb. Si le jeune s\u00e9minariste est \u00e2g\u00e9 d&rsquo;\u00e0 peine plus de vingt ans, Devals, approchant la cinquantaine, est une personnalit\u00e9 incontournable dans le d\u00e9partement. Pottier se lie d&rsquo;amiti\u00e9 avec lui, malgr\u00e9 le caract\u00e8re ombrageux voire rigide de son a\u00een\u00e9. Tous deux allaient devenir les pierres d&rsquo;angles de la Soci\u00e9t\u00e9, l&rsquo;un apportant son exp\u00e9rience et son cr\u00e9dit, l&rsquo;autre sa jeunesse mais surtout ses qualit\u00e9s d&rsquo;organisateur et d&rsquo;animateur.<\/p>\n<p>En septembre 1862, accompagn\u00e9 de Trutat, Pottier d\u00e9couvre des pierres taill\u00e9es pr\u00e9historiques sur l&rsquo;un des sites de Bruniquel, appel\u00e9s \u00e0 une notori\u00e9t\u00e9 internationale. L&rsquo;importance de ses d\u00e9couvertes, r\u00e9v\u00e9l\u00e9es en 1863 au cours du 30e congr\u00e8s de la Soci\u00e9t\u00e9 fran\u00e7aise d&rsquo;arch\u00e9ologie, qui se tint cette ann\u00e9e-l\u00e0 \u00e0 Albi et Rodez, entra\u00eene la d\u00e9cision d&rsquo;organiser une partie du congr\u00e8s de 1865 en Tarn-et-Garonne.<\/p>\n<p>Pottier se d\u00e9pense sans compter pour l&rsquo;organiser, aid\u00e9 par Devals et le baron de Rivi\u00e8res (1835-1908), et soutenu par le maire de Montauban, Adrien Prax-Paris. La premi\u00e8re partie du 32e congr\u00e8s de la S.F.A. se d\u00e9roule \u00e0 Montauban du 7 au 16 juin 1865. Elle est non seulement un grand succ\u00e8s mais surtout un r\u00e9v\u00e9lateur et un d\u00e9clencheur. Pour la premi\u00e8re fois, des savants et des \u00e9rudits se r\u00e9unissent pour faire le point sur le patrimoine et l&rsquo;Histoire de ce jeune d\u00e9partement cr\u00e9\u00e9 en 1808, moins de soixante ans plus t\u00f4t. Les intervenants tentent, chacun avec ses convictions, de rassembler toutes les\u00a0donn\u00e9es accessibles sur la\u00a0Pr\u00e9histoire, l&rsquo;Antiquit\u00e9, le Moyen \u00c2ge, l&rsquo;h\u00e9raldique, la toponymie, l&rsquo;onomastique, les traditions, coutumes et croyances populaires&#8230;<\/p>\n<p><a href=\"http:\/\/sahtg.fr\/?attachment_id=697\" rel=\"attachment wp-att-697\"><img loading=\"lazy\" decoding=\"async\" class=\"size-medium wp-image-697 alignright\" src=\"http:\/\/sahtg.fr\/wp-content\/uploads\/2019\/02\/DSCF9172-189x300.jpg\" alt=\"\" width=\"189\" height=\"300\" srcset=\"https:\/\/sahtg.fr\/wp-content\/uploads\/2019\/02\/DSCF9172-189x300.jpg 189w, https:\/\/sahtg.fr\/wp-content\/uploads\/2019\/02\/DSCF9172-768x1218.jpg 768w, https:\/\/sahtg.fr\/wp-content\/uploads\/2019\/02\/DSCF9172-646x1024.jpg 646w, https:\/\/sahtg.fr\/wp-content\/uploads\/2019\/02\/DSCF9172-969x1536.jpg 969w, https:\/\/sahtg.fr\/wp-content\/uploads\/2019\/02\/DSCF9172-1292x2048.jpg 1292w, https:\/\/sahtg.fr\/wp-content\/uploads\/2019\/02\/DSCF9172-69x110.jpg 69w, https:\/\/sahtg.fr\/wp-content\/uploads\/2019\/02\/DSCF9172-265x420.jpg 265w, https:\/\/sahtg.fr\/wp-content\/uploads\/2019\/02\/DSCF9172-271x430.jpg 271w, https:\/\/sahtg.fr\/wp-content\/uploads\/2019\/02\/DSCF9172.jpg 1479w\" sizes=\"auto, (max-width: 189px) 100vw, 189px\" \/><\/a><\/p>\n<p style=\"text-align: left;\">Publi\u00e9s en 1866, \u00a0les actes du congr\u00e8s constituent un jalon essentiel de l&rsquo;Histoire du Tarn-et-Garonne. Les notes, m\u00e9moires et rapports qu&rsquo;il renferme concentrent la connaissance que l&rsquo;on avait alors du territoire. Ayant pris conscience de l&rsquo;\u00e9tendue de la question, les intervenants du congr\u00e8s d\u00e9cident, apr\u00e8s la cl\u00f4ture de celui-ci et sous l&rsquo;impulsion de Pottier, de se retrouver r\u00e9guli\u00e8rement afin d&rsquo;\u00e9changer sur leurs travaux et leurs d\u00e9couvertes.<\/p>\n<p>Convaincus de l&rsquo;utilit\u00e9 de leurs travaux, ils ressentent tr\u00e8s vite le besoin d&rsquo;officialiser leur petit groupe. Le 6 d\u00e9cembre 1866, ils se r\u00e9unissent \u00e0 l&rsquo;h\u00f4tel de ville de Montauban pour une s\u00e9ance constitutive, et le 17, le pr\u00e9fet de Tarn-et-Garonne signe un arr\u00eat\u00e9 donnant naissance \u00e0 la Soci\u00e9t\u00e9 arch\u00e9ologique. Ils sont vingt-cinq fondateurs, du plus jeune, M. de Coustou-Coysevox, vingt ans tout juste, au plus \u00e2g\u00e9, M. d&rsquo;Arnoux-Brossard, soixante-douze ans. Pottier est \u00e9lu pr\u00e9sident, titre qu&rsquo;il conserve jusqu&rsquo;\u00e0 sa mort, pr\u00e8s de cinquante-cinq ans plus tard.<\/p>\n<p><a href=\"http:\/\/sahtg.fr\/?attachment_id=699\" rel=\"attachment wp-att-699\"><img loading=\"lazy\" decoding=\"async\" class=\"alignleft  wp-image-699\" src=\"http:\/\/sahtg.fr\/wp-content\/uploads\/2019\/02\/DSCF9597-174x300.jpg\" alt=\"\" width=\"242\" height=\"417\" srcset=\"https:\/\/sahtg.fr\/wp-content\/uploads\/2019\/02\/DSCF9597-174x300.jpg 174w, https:\/\/sahtg.fr\/wp-content\/uploads\/2019\/02\/DSCF9597-768x1322.jpg 768w, https:\/\/sahtg.fr\/wp-content\/uploads\/2019\/02\/DSCF9597-595x1024.jpg 595w, https:\/\/sahtg.fr\/wp-content\/uploads\/2019\/02\/DSCF9597-892x1536.jpg 892w, https:\/\/sahtg.fr\/wp-content\/uploads\/2019\/02\/DSCF9597-1190x2048.jpg 1190w, https:\/\/sahtg.fr\/wp-content\/uploads\/2019\/02\/DSCF9597-64x110.jpg 64w, https:\/\/sahtg.fr\/wp-content\/uploads\/2019\/02\/DSCF9597-244x420.jpg 244w, https:\/\/sahtg.fr\/wp-content\/uploads\/2019\/02\/DSCF9597-250x430.jpg 250w, https:\/\/sahtg.fr\/wp-content\/uploads\/2019\/02\/DSCF9597.jpg 1926w\" sizes=\"auto, (max-width: 242px) 100vw, 242px\" \/><\/a><\/p>\n<p>Depuis sa premi\u00e8re r\u00e9union, le 23 d\u00e9cembre 1866, la Soci\u00e9t\u00e9 n&rsquo;a jamais cess\u00e9 d&rsquo;explorer le pass\u00e9 du Tarn-et-Garonne. Afin de conserver la m\u00e9moire de ses travaux, elle d\u00e9cide d\u00e8s sa fondation de se doter d&rsquo;un bulletin dont la parution tarde, faute de moyens.<\/p>\n<p>Le tout premier tome couvre l&rsquo;ann\u00e9e 1869-1870. Cons\u00e9quence de la guerre entre la France et la Prusse, puis des \u00e9v\u00e9nements de la Commune de Paris, le deuxi\u00e8me tome ne para\u00eet qu&rsquo;en 1872, et c&rsquo;est \u00e0 partir de 1876 que la publication devient r\u00e9guli\u00e8re.<\/p>\n<p>La Soci\u00e9t\u00e9 a toujours donn\u00e9 un niveau \u00e9lev\u00e9 \u00e0 ses publications dont beaucoup font encore autorit\u00e9. Pionni\u00e8re dans bien des domaines dont celui de la photographie, active au point de participer \u00e0 tous les congr\u00e8s, aux r\u00e9unions savantes organis\u00e9es par la Sorbonne, de voyager partout en France, en Europe et au-del\u00e0, elle fait r\u00e9f\u00e9rence, durant plusieurs d\u00e9cennies, aupr\u00e8s des institutions et des savants.<\/p>\n<p>D\u00e8s ses d\u00e9buts, pouss\u00e9e par Devals qui r\u00eave de concr\u00e9tiser un vieux projet, la Soci\u00e9t\u00e9 entreprend de cr\u00e9er un mus\u00e9e arch\u00e9ologique dans la grande salle du XIVe si\u00e8cle situ\u00e9e sous de l&rsquo;h\u00f4tel de ville de Montauban, actuel mus\u00e9e Ingres. Ce projet est men\u00e9 \u00e0 bien de 1869 \u00e0 1877 et le grand vaisseau gothique r\u00e9habilit\u00e9 prend le nom de \u00ab\u00a0salle du Prince Noir\u00a0\u00bb.<\/p>\n<p><a href=\"http:\/\/sahtg.fr\/?attachment_id=701\" rel=\"attachment wp-att-701\"><img loading=\"lazy\" decoding=\"async\" class=\"wp-image-701\" title=\"La salle du Prince Noir\" src=\"http:\/\/sahtg.fr\/wp-content\/uploads\/2019\/02\/fullsizeoutput_b6b-300x129.jpeg\" alt=\"\" width=\"465\" height=\"200\" srcset=\"https:\/\/sahtg.fr\/wp-content\/uploads\/2019\/02\/fullsizeoutput_b6b-300x129.jpeg 300w, https:\/\/sahtg.fr\/wp-content\/uploads\/2019\/02\/fullsizeoutput_b6b-768x331.jpeg 768w, https:\/\/sahtg.fr\/wp-content\/uploads\/2019\/02\/fullsizeoutput_b6b-1024x441.jpeg 1024w, https:\/\/sahtg.fr\/wp-content\/uploads\/2019\/02\/fullsizeoutput_b6b-1536x662.jpeg 1536w, https:\/\/sahtg.fr\/wp-content\/uploads\/2019\/02\/fullsizeoutput_b6b-2048x882.jpeg 2048w, https:\/\/sahtg.fr\/wp-content\/uploads\/2019\/02\/fullsizeoutput_b6b-110x47.jpeg 110w, https:\/\/sahtg.fr\/wp-content\/uploads\/2019\/02\/fullsizeoutput_b6b-420x181.jpeg 420w, https:\/\/sahtg.fr\/wp-content\/uploads\/2019\/02\/fullsizeoutput_b6b-770x332.jpeg 770w\" sizes=\"auto, (max-width: 465px) 100vw, 465px\" \/><\/a><\/p>\n<p><a href=\"http:\/\/sahtg.fr\/?attachment_id=125\" rel=\"attachment wp-att-125\"><img loading=\"lazy\" decoding=\"async\" class=\"alignleft  wp-image-125\" src=\"http:\/\/sahtg.fr\/wp-content\/uploads\/2018\/10\/crbst_fouilles_201.jpg\" alt=\"\" width=\"230\" height=\"334\" srcset=\"https:\/\/sahtg.fr\/wp-content\/uploads\/2018\/10\/crbst_fouilles_201.jpg 160w, https:\/\/sahtg.fr\/wp-content\/uploads\/2018\/10\/crbst_fouilles_201-76x110.jpg 76w\" sizes=\"auto, (max-width: 230px) 100vw, 230px\" \/><\/a>Des fouilles sont entreprises dans l\u2019abbatiale de Saint-Pierre de Moissac en 1902 et \u00e0 Montauriol sur le site de l\u2019ancienne cath\u00e9drale de Montauban en 1909-1910. Il va sans dire que cette activit\u00e9 est depuis longtemps \u00e9t\u00e9 abandonn\u00e9e, la l\u00e9gislation et les autorit\u00e9s actuelles ne d\u00e9livrant des autorisations qu\u2019\u00e0 des \u00e9quipes beaucoup plus sp\u00e9cialis\u00e9es.<\/p>\n<p>De grandes expositions sont organis\u00e9es, certaines, en 1869 et 1877, pour faire conna\u00eetre le patrimoine local, d\u2019autres pour marquer les temps forts de la vie de la Soci\u00e9t\u00e9 : Noces d&rsquo;argent de 1891 (25 ans), cinquantenaire de 1916, c\u00e9l\u00e9br\u00e9 en 1920 \u00e0 cause de la guerre. La grande exposition \u00a0\u00bb artistique et r\u00e9trospective \u00a0\u00bb de 1897 comporte une riche section photo dans laquelle figurent des cr\u00e9ations relevant du courant pictorialiste, qui font s&rsquo;exclamer M. de Bellefon, le pr\u00e9sident de la section photo : \u00a0\u00bb La photographie d&rsquo;art existe ; apr\u00e8s notre exposition la preuve de cette affirmation n&rsquo;est plus \u00e0 faire \u00ab\u00a0.<\/p>\n<p>La grande p\u00e9riode d\u2019essor et de prosp\u00e9rit\u00e9 s\u2019ach\u00e8ve juste avant la Grande Guerre, avec un ralentissement de l&rsquo;activit\u00e9. Le chanoine Pottier d\u00e9c\u00e8de en 1922, remplac\u00e9 par le dynamique Renaud de Vezins, homme du monde et artiste de talent qui trouve malheureusement la mort en 1932 dans un accident de la route.<\/p>\n<p><a href=\"http:\/\/sahtg.fr\/?attachment_id=718\" rel=\"attachment wp-att-718\"><img loading=\"lazy\" decoding=\"async\" class=\"wp-image-718 size-medium alignleft\" title=\"Renaud de Vezins\" src=\"http:\/\/sahtg.fr\/wp-content\/uploads\/2019\/02\/DSCF9398-235x300.jpg\" alt=\"\" width=\"235\" height=\"300\" srcset=\"https:\/\/sahtg.fr\/wp-content\/uploads\/2019\/02\/DSCF9398-235x300.jpg 235w, https:\/\/sahtg.fr\/wp-content\/uploads\/2019\/02\/DSCF9398-768x980.jpg 768w, https:\/\/sahtg.fr\/wp-content\/uploads\/2019\/02\/DSCF9398-803x1024.jpg 803w, https:\/\/sahtg.fr\/wp-content\/uploads\/2019\/02\/DSCF9398-86x110.jpg 86w, https:\/\/sahtg.fr\/wp-content\/uploads\/2019\/02\/DSCF9398-329x420.jpg 329w, https:\/\/sahtg.fr\/wp-content\/uploads\/2019\/02\/DSCF9398-337x430.jpg 337w, https:\/\/sahtg.fr\/wp-content\/uploads\/2019\/02\/DSCF9398.jpg 1022w\" sizes=\"auto, (max-width: 235px) 100vw, 235px\" \/>\u00a0<\/a>Les pr\u00e9sidents qui lui succ\u00e8dent, malgr\u00e9 leur bonne volont\u00e9, ne peuvent rien contre les cons\u00e9quences de la guerre qui change radicalement la soci\u00e9t\u00e9 fran\u00e7aise. Les soucis financiers, l&rsquo;\u00e9volution des mentalit\u00e9s, modifient l&rsquo;action de l&rsquo;association. Cet essoufflement se r\u00e9percute sur les publications, les bulletins sont beaucoup moins riches\u00a0et la deuxi\u00e8me Guerre mondiale vient aggraver la situation.<\/p>\n<p>II faut attendre au moins les ann\u00e9es 1950 et la pr\u00e9sidence du chanoine Pierre Gayne pour que la soci\u00e9t\u00e9 connaisse un renouveau. Le nombre d\u2019adh\u00e9rents augmente, les conf\u00e9rences et les excursions sont \u00e0 nouveau suivies. L\u2019une d\u2019elles, renouant avec la tradition, am\u00e8ne ses participants en \u00c9gypte en 1967. Au plan r\u00e9gional, les soci\u00e9t\u00e9s savantes des d\u00e9partements se regroupent dans des f\u00e9d\u00e9rations. Le Tarn-et-Garonne est naturellement rattach\u00e9 \u00e0 celle de Toulouse, \u00e0 pr\u00e9sent F\u00e9d\u00e9ration historique de la r\u00e9gion Occitanie.<\/p>\n<p>Des congr\u00e8s annuels ont lieu \u00e0 Montauban en 1954, 1972 et 1986, \u00e0 Moissac en 1963 et 2003 (partag\u00e9 avec Agen), \u00e0 Beaumont-de-Lomagne en 1965 (partag\u00e9 avec Toulouse). En 1966, le chanoine Pierre Gayne a la joie de c\u00e9l\u00e9brer avec \u00e9clat le centenaire de la Soci\u00e9t\u00e9.<\/p>\n<p>De nos jours, la Soci\u00e9t\u00e9 continue sur sa lanc\u00e9e. Les bulletins ont repris de l\u2019ampleur et profitent d\u2019une pr\u00e9sentation plus attrayante. Elle conna\u00eet bien s\u00fbr des hauts et des bas, et subit les cons\u00e9quences des fluctuations \u00e9conomiques, c&rsquo;est ainsi. Mais par del\u00e0 les vicissitudes, l\u2019espoir demeure cependant car, comme le soulignait Mathieu M\u00e9ras, pr\u00e9sident de 1966 \u00e0 1979 : \u00ab Tant qu\u2019on s\u2019int\u00e9ressera (..) \u00e0 cette vie ardente et multiple du pass\u00e9, nous aurons toujours des amis qui viendront vers nous \u00bb.<\/p>\n<p style=\"text-align: right;\"><strong>Jean-Claude FABRE<\/strong><\/p>\n","protected":false},"excerpt":{"rendered":"<p>La Soci\u00e9t\u00e9 arch\u00e9ologique de Tarn-et-Garonne voit le jour en d\u00e9cembre 1866, r\u00e9sultat de la rencontre de deux passionn\u00e9s, Jean-Ursule Devals (1814-1874), archiviste, pal\u00e9ographe, historien, collectionneur et \u00ab\u00a0arch\u00e9ologue\u00a0\u00bb comme on l&rsquo;\u00e9tait au XIXe si\u00e8cle, et\u00a0Fernand Pottier (1838-1922). Alors que le jeune Pottier fait son s\u00e9minaire entre la fin des ann\u00e9es 1850 et le d\u00e9but de la [&hellip;]<\/p>\n","protected":false},"author":1,"featured_media":0,"parent":10,"menu_order":0,"comment_status":"closed","ping_status":"closed","template":"","meta":{"footnotes":""},"class_list":["post-101","page","type-page","status-publish","hentry"],"_links":{"self":[{"href":"https:\/\/sahtg.fr\/index.php?rest_route=\/wp\/v2\/pages\/101","targetHints":{"allow":["GET"]}}],"collection":[{"href":"https:\/\/sahtg.fr\/index.php?rest_route=\/wp\/v2\/pages"}],"about":[{"href":"https:\/\/sahtg.fr\/index.php?rest_route=\/wp\/v2\/types\/page"}],"author":[{"embeddable":true,"href":"https:\/\/sahtg.fr\/index.php?rest_route=\/wp\/v2\/users\/1"}],"replies":[{"embeddable":true,"href":"https:\/\/sahtg.fr\/index.php?rest_route=%2Fwp%2Fv2%2Fcomments&post=101"}],"version-history":[{"count":16,"href":"https:\/\/sahtg.fr\/index.php?rest_route=\/wp\/v2\/pages\/101\/revisions"}],"predecessor-version":[{"id":722,"href":"https:\/\/sahtg.fr\/index.php?rest_route=\/wp\/v2\/pages\/101\/revisions\/722"}],"up":[{"embeddable":true,"href":"https:\/\/sahtg.fr\/index.php?rest_route=\/wp\/v2\/pages\/10"}],"wp:attachment":[{"href":"https:\/\/sahtg.fr\/index.php?rest_route=%2Fwp%2Fv2%2Fmedia&parent=101"}],"curies":[{"name":"wp","href":"https:\/\/api.w.org\/{rel}","templated":true}]}}